{"id":657,"date":"2017-05-23T11:19:23","date_gmt":"2017-05-23T08:19:23","guid":{"rendered":"http:\/\/lasteaed.tostamaa.ee\/?page_id=657"},"modified":"2023-11-02T10:46:00","modified_gmt":"2023-11-02T08:46:00","slug":"projektid","status":"publish","type":"page","link":"http:\/\/lasteaed.tostamaa.ee\/?page_id=657","title":{"rendered":"PROJEKTID"},"content":{"rendered":"<h3><strong>SA Keskkonnainvesteeringute Keskuse\u00a0 (KIK) rahastatud projektid <em>Keskkonnateadlikkuse programmi<\/em>\u00a0kaudu:<\/strong><\/h3>\n<h4><strong>T\u00f5stamaa lasteaia lapsed osalesid 2016\/17. \u00f5ppeaastal j\u00e4rgmistes \u00f5ppek\u00e4ikudes:<\/strong><\/h4>\n<p>1.<strong> \u00d5ppek\u00e4ik &#8220;Eesti metsloomad&#8221; Pernova Hariduskeskuses.<\/strong><\/p>\n<p>\u00d5ppek\u00e4ik tutvustas lastele Eestis elavaid metsloomi. Eesm\u00e4rk: 1. tutvub l\u00e4bi m\u00e4ngu Eestis elavate metsloomade ja nende elutegevusega; 2. oskab seostada metsloomah\u00e4\u00e4litsusi looma endaga; 3. v\u00f5rdleb Eestis elavate metsloomade suurusi ja teab, kes on k\u00f5ige suuremad metsloomad ja kes on k\u00f5ige v\u00e4iksemad metsloomad. Tutvustatakse erinevaid metsloomi (loodusmaja topised), v\u00f5rreldakse nende suurusi inimese ja teiste loomade suhtes. 2. Vestlus ja arutelu metsloomade elutegevusest metsas. 3. Helidekoopas metsloomah\u00e4\u00e4lte kuulamine ja \u00f5ige metsloomaga seostamine. Kokkuv\u00f5ttev vestlus teemal, milliseid metsloomad elavad Eesti metsades; pildikaartide j\u00e4rgi metsloomade suuruste j\u00e4rgi jagamine r\u00fchmadesse (v\u00e4ike, keskmine, suur). Vahendid: Pernova Hariduskeskuse topiste kogu, loomade h\u00e4\u00e4led (helidetuba), n\u00e4idis pildid.<\/p>\n<p>\u00d5ppek\u00e4ik viidi l\u00e4bi Pernova Hariduskeskuse koolitajate poolt 13.oktoober 2016<\/p>\n<p>2. <strong>\u00d5ppek\u00e4ik &#8220;Mina ja keskkond&#8221;<\/strong> &#8211; viidi l\u00e4bi P\u00e4rnumaal, Raej\u00e4rve matkarajal. Programmi sisu: loodus ja inimene on omavahel tihedalt seotud. Loodusest p\u00e4rit h\u00fcvesid kasutatakse igap\u00e4evaselt. Kas ja miks on vaja loodust kaitsta, kuidas seda tehakse? Mida saaks iga\u00fcks ise teha selleks, et looduskeskkond oleks hoitud ja tasakaalus?<\/p>\n<p>\u00d5ppek\u00e4ik viidi l\u00e4bi O\u00dc Aasavili poolt 26. aprillil 2017<\/p>\n<p>Projekti rahastas\u00a0<strong>SA Keskkonnainvesteeringute Keskus<\/strong>\u00a0<em>Keskkonnateadlikkuse programmi<\/em>\u00a0kaudu.<\/p>\n<p><img loading=\"lazy\" decoding=\"async\" class=\"\" src=\"http:\/\/www.tammistelasteaed.ee\/uploads\/pics\/KIK_logo_RGB.jpg\" alt=\"\" width=\"172\" height=\"187\" \/><\/p>\n<h4><strong>T\u00f5stamaa lasteaia lapsed osalesid 2017\/18. \u00f5ppeaastal j\u00e4rgmistes \u00f5ppek\u00e4ikudes:<\/strong><\/h4>\n<p>1.<strong>\u00d5ppek\u00e4ik &#8220;S\u00fcgis linnuriigis&#8221;.<\/strong> Programmi sisu : K\u00e4tte on j\u00f5udnud s\u00fcgis ning r\u00e4ndlinnud hakkavad lahkuma! Linnud \u00fcmbritsevad meid k\u00f5ikjal \u2013 laiaulatuslikest metsamassiividest suurte linnadeni v\u00e4lja. Eestimaa linnuriik on rikkalik. Aegade jooksul on siinmail n\u00e4htud ja kuuldud 387 erinevat liiki sulelisi. Lindude tundma\u00f5ppimine on vaevarikas, n\u00f5uab aega ja kannatust. Seep\u00e4rast oleks m\u00f5istlik lindudega tutvust teha aastaringselt. Lindudele algab s\u00fcgis varakult, sest paljud linnud lahkuvad oma pesapaigalt sadade v\u00f5i tuhandete kilomeetrite kaugusele. R\u00e4nnatakse talvitusaladele ehk talikorteritesse, kuid miks? Programmi k\u00e4igus uurimegi, milliseid ettevalmistusi linnud selleks tegema peavad, kuhu nad r\u00e4ndavad ja kes need r\u00e4ndurid on? Ja mis saab neist lindudest, kes j\u00e4\u00e4vad paigale? Seos \u00f5ppekavaga Kodukoha loodus, aastaajad, looduse mitmekesisus, organismid ja elupaigad, selgroogsed loomad, lindude v\u00e4lis- ja siseehitus ning kohastumine elukeskkonnaga. Lindude osa \u00f6kos\u00fcsteemis ja t\u00e4htsus inimese elus. Populatsioon, liik, kooslus. Keskkonnakaitse. Looduskaitse.<\/p>\n<p>\u00d5ppek\u00e4ik toimus 2.oktoobril 2017. \u00d5ppek\u00e4igu viis l\u00e4bi Kabli Looduskeskus.<\/p>\n<p>2. <strong>\u00d5ppek\u00e4ik &#8220;Mets kui elukeskkond&#8221;<\/strong>.Mets kui elukeskkond \u2013 Uuritakse, kes v\u00f5i mis moodustab metsa ning milliseid elusorganisme sealt leida v\u00f5ib. Arutletakse metsa t\u00e4htsuse \u00fcle ning inimese m\u00f5ju metsale kui elukooslusele.<\/p>\n<p>\u00d5ppek\u00e4ik toimus 17. aprill 2018. \u00d5ppek\u00e4igu viis l\u00e4bi MT\u00dc Aasavili.<\/p>\n<p>Projekti rahastas <strong>SA Keskkonnainvesteeringute Keskus<\/strong> <em>Keskkonnateadlikkuse programmi<\/em> kaudu.<\/p>\n<p><img loading=\"lazy\" decoding=\"async\" class=\"\" src=\"http:\/\/www.tammistelasteaed.ee\/uploads\/pics\/KIK_logo_RGB.jpg\" alt=\"\" width=\"172\" height=\"187\" \/><\/p>\n<h4><strong>T\u00f5stamaa lasteaia lapsed osalesid 2018\/19. \u00f5ppeaastal j\u00e4rgmistes \u00f5ppeprogrammides:<\/strong><\/h4>\n<p>1.<strong>\u00d5ppeprogramm &#8220;Lehmad ja konnad P\u00e4rnu rannas&#8221;.\u00a0<\/strong> Lapsed\u00a0\u00a0tutvusid rannaniidu elukeskkonnaga (mere m\u00f5ju, elustik, inimese tegevus), \u00f5ppeprogrammid aitavad arendada loodusvaatlus oskusi.<\/p>\n<p>\u00d5ppek\u00e4ik toimus 25.septembril 2018. \u00d5ppek\u00e4igu viis l\u00e4bi P\u00e4rnu Hariduskeskus.<\/p>\n<p>2.<strong>\u00d5ppeprogramm RMK Matsalu rahvuspargis &#8220;Salap\u00e4rane l\u00f5hna- ja maitsemaailm&#8221;.<\/strong> Inimese elus on l\u00f5hnadel ja maitsetel v\u00e4ga t\u00e4htis koht. Mis l\u00f5hnaks paremini, kui pannkoogid p\u00fchap\u00e4evahommikul v\u00f5i potis podisev moos ning aurav teetass ja kuidas nad veel maitsevad. Inimest \u00fcmbritsevad l\u00f5hnad ja maitsed pea igal sammul, m\u00f5ned meeldivad ja m\u00f5ned mitte. Selle programmi raames tunnetasime erinevaid l\u00f5hnu ja maitseid. Tegime v\u00e4ikese l\u00f5hna ja maitseretke loodusesse ja keetsime \u00fcheskoos \u00fcrditeed.<\/p>\n<p>\u00d5ppek\u00e4ik toimus 23.mail 2019. \u00d5ppek\u00e4igu viis l\u00e4bi RMK Matsalu K\u00fclastuskeskus.<\/p>\n<p>Projekti rahastas\u00a0<strong>SA Keskkonnainvesteeringute Keskus<\/strong>\u00a0<em>Keskkonnateadlikkuse programmi<\/em>\u00a0kaudu.<\/p>\n<p><img loading=\"lazy\" decoding=\"async\" class=\"\" src=\"http:\/\/www.tammistelasteaed.ee\/uploads\/pics\/KIK_logo_RGB.jpg\" alt=\"\" width=\"172\" height=\"187\" \/><\/p>\n<h4><strong>T\u00f5stamaa lasteaia lapsed osalesid 2019\/20. \u00f5ppeaastal \u00f5ppeprogrammis:<\/strong><\/h4>\n<p><strong>\u00d5ppeprogramm &#8220;Eesti metsloomad&#8221; Pernova Hariduskeskuses.<\/strong><\/p>\n<p>\u00d5ppeprogramm tutvustas lastele Eestis elavaid metsloomi. Eesm\u00e4rk: 1. tutvub l\u00e4bi m\u00e4ngu Eestis elavate metsloomade ja nende elutegevusega; 2. oskab seostada metsloomah\u00e4\u00e4litsusi looma endaga; 3. v\u00f5rdleb Eestis elavate metsloomade suurusi ja teab, kes on k\u00f5ige suuremad metsloomad ja kes on k\u00f5ige v\u00e4iksemad metsloomad. Tutvustatakse erinevaid metsloomi (loodusmaja topised), v\u00f5rreldakse nende suurusi inimese ja teiste loomade suhtes. 2. Vestlus ja arutelu metsloomade elutegevusest metsas. 3. Helidekoopas metsloomah\u00e4\u00e4lte kuulamine ja \u00f5ige metsloomaga seostamine. Kokkuv\u00f5ttev vestlus teemal, milliseid metsloomad elavad Eesti metsades; pildikaartide j\u00e4rgi metsloomade suuruste j\u00e4rgi jagamine r\u00fchmadesse (v\u00e4ike, keskmine, suur). Vahendid: Pernova Hariduskeskuse topiste kogu, loomade h\u00e4\u00e4led (helidetuba), n\u00e4idis pildid.<\/p>\n<p>\u00d5ppeprogramm toimus 2. oktoober 2019<\/p>\n<p>Projekti rahastas\u00a0<strong>SA Keskkonnainvesteeringute Keskus<\/strong>\u00a0<em>Keskkonnateadlikkuse programmi<\/em>\u00a0kaudu.<\/p>\n<p><img loading=\"lazy\" decoding=\"async\" class=\"\" src=\"http:\/\/www.tammistelasteaed.ee\/uploads\/pics\/KIK_logo_RGB.jpg\" alt=\"\" width=\"172\" height=\"187\" \/><\/p>\n<h4><strong>T\u00f5stamaa lasteaia lapsed osalesid 2020\/21. \u00f5ppeaastal \u00f5ppeprogrammis:<\/strong><\/h4>\n<p><strong>\u00d5ppeprogramm &#8220;Kodumetsa elanikud&#8221; Tammiste matkarajal.<\/strong><\/p>\n<p>\u00d5ppeprogrammi viis l\u00e4bi MT\u00dc Aasavili. Programmis said lapsed teada, et ka v\u00e4ike kodumets v\u00f5ib endas peita p\u00f5nevaid saladusi. Esmapilgul v\u00f5ib mets olla\u00a0 v\u00f5\u00f5ras ja ehk veidi ka hirmutav, kuid tuttavaks saades kodune ja s\u00f5bralik. Jalutasime koos metsas ning saime tuttavaks sealsete elanikega ning uurisime nende omavahelist s\u00f5prust.<\/p>\n<p>\u00d5ppeprogramm toimus 2. oktoober 2020<\/p>\n<p>Projekti rahastas\u00a0<strong>SA Keskkonnainvesteeringute Keskus<\/strong>\u00a0<em>Keskkonnateadlikkuse<\/em><\/p>\n<p><em> programmi<\/em>\u00a0kaudu.<\/p>\n<h4><strong>T\u00f5stamaa lasteaia lapsed osalesid 2021\/22. \u00f5ppeaastal \u00f5ppeprogrammis:<\/strong><\/h4>\n<p><strong>\u00d5ppeprogrammid &#8220;S\u00f5brale k\u00fclla&#8221;\u00a0 ja &#8220;Eesti metsloomad&#8221;.<\/strong><\/p>\n<p>&#8220;S\u00f5brale k\u00fclla&#8221; \u00f5ppeprogrammi viis l\u00e4bi RMK Matsalu K\u00fclastuskeskus. \u00d5ppisime koos, kuidas olla \u00fcmbritsevale keskkonnale hea s\u00f5ber ja mida selleks teha tuleb. Kuidas k\u00e4ituda \u00fcmbritseva loodusega ja looduses, mida t\u00e4hendab s\u00e4\u00e4stlikkus? Kuidas looduss\u00f5bralikult matkata? Kuidas planeerida matka, mida tasub \u00fchep\u00e4evasele matkale kaasa v\u00f5tta ja mille v\u00f5iks pigem maha j\u00e4tta? Mida t\u00e4hendab iga\u00fche\u00f5igus?<\/p>\n<p>\u00d5ppeprogramm toimus 10. mai 2022<\/p>\n<p>&#8220;Eesti metsloomad&#8221; \u00f5ppeprogrammi viis l\u00e4bi Pernova Loodusmaja. L\u00e4bi m\u00e4nguliste tegevuste tutvuti Eestis elavate metsloomade ja nende elutegevusega. Programmis l\u00e4bitud teemad:<\/p>\n<p>metsloomade tutvustamiseks kasutati p\u00fcsin\u00e4ituse alal olevate Eestis elavate metsloomade topiseid;<br \/>\nm\u00e4nguloomade abil v\u00f5rreldi metsloomade suurusi, toitumist ja elutegevust;<br \/>\nvaadati metsloomadest l\u00fchifilme.<\/p>\n<p>\u00d5ppeprogramm toimus 30. november 2022<\/p>\n<p>Projekti rahastas\u00a0<strong>SA Keskkonnainvesteeringute Keskus<\/strong>\u00a0<em>Keskkonnateadlikkuse programmi<\/em>\u00a0kaudu.<\/p>\n<h1><\/h1>\n<h1 class=\"sidefloat\">Koolipuuvilja ja -k\u00f6\u00f6givilja seotud tegevused (PRIA)<\/h1>\n<h4><\/h4>\n<h4><strong>2015\/16 aastal osalesid lapsed projektis:\u00a0<\/strong><\/h4>\n<h4><strong>Tervislik amps koduaiast ja kodumaalt:<\/strong> kodudes\u00a0 ja taludes kasvatatavate puu- ja k\u00f6\u00f6giviljade tutvustamine ja propageerimine lasteaialaste ja nende vanemate seas.<\/h4>\n<p>Projekti sisu:<\/p>\n<p>1. Meie aedades kasvatatavate puu- ja k\u00f6\u00f6giviljade tutvustamine ja degusteerimine lasteaias. Eriline r\u00f5hk on tutvustada v\u00e4hem tuntud liike (nuikapsas, seller, korni\u0161on jne).<\/p>\n<p>Vigurriivi soetamine eesm\u00e4rgiga muuta k\u00f6\u00f6gi- ja puuviljade v\u00e4limus l\u00f5busamaks ja huvitavamaks ning\u00a0 lastele ahvatlevamaks.<\/p>\n<ol start=\"2\">\n<li>\u00d5ppereis Sepa Mahetallu, kus tutvustatakse lastele talu tegevust.<\/li>\n<\/ol>\n<p>3. \u00d5ppereis Nurmenuku Puhkekeskusesse eesm\u00e4rgiga l\u00e4biviia tervislik perep\u00e4ev lastele ja nende vanematele. Erilist t\u00e4helepanu p\u00f6\u00f6rati tervislikule toitumisele. Suvel grillitakse kodudes v\u00e4ga palju, tutvustasime k\u00f6\u00f6giviljade wokimist ning grillimist. Nurmenuku talus kasvatakse hobuseid. Lapsed said tutvuda hobuse toidulauaga ning \u00a0said teadmisi mahe v\u00e4etamise kohta. Tutvuti hobut\u00f6\u00f6riistadega.<\/p>\n<p>Projekt toimus ajavahemikul 1.mai &#8211; 10. juuni 2016<\/p>\n<p><img decoding=\"async\" src=\"http:\/\/publications.europa.eu\/code\/images\/scan\/5000100-flag.jpg\" alt=\"Euroopa lipp \u00e2\u0080\u0094 12 ringikujuliselt asetsevat t\u00c3\u00a4hte s\u00c3\u00bcmboliseerivad Euroopa rahvaste vahelist \u00c3\u00bchtsust, solidaarsust ja harmooniat.\" \/>Projekti toetas Euroopa Liit<\/p>\n<h4><strong>2016\/17 aastal osalesid lapsed projektis: <\/strong><\/h4>\n<h4><strong>Toidu aastaring talus ja kommi asemel.<\/strong><\/h4>\n<p>Projekti sisu:<\/p>\n<ol>\n<li>Kohaliku tooraine tutvustamine ja propageerimine.<\/li>\n<\/ol>\n<p>2. Kommi asemel &#8211; kuivatatud puu-, juur- ja k\u00f6\u00f6giviljade tutvustamine ja propageerimine lastele. Smuutide valmistamine, degusteerimine ja propageerimine.<\/p>\n<p>\u00d5ppereisid C. R. Jakobsoni Talumuuseumi ja Ranna rant\u0161osse, kohapeal \u00f5ppeprogramm \u201eToidu aastaring talus\u201c ja \u201eP\u00e4ev talus\u201c.<\/p>\n<p>Eesm\u00e4rgid:<\/p>\n<p>1.Tutvustada kohaliku toidu kasvatamise ja tarbimise aastaringi. Millal midagi v\u00e4rskelt toidulauale j\u00f5uab ja kuidas talvevarusid koguda ja s\u00e4ilitada? Kui kaua talvevarud s\u00e4ilivad? Milliseid puu- ja k\u00f6\u00f6givilju saab ja kuidas \u00fcle talve s\u00e4ilitada? Mis vahe on nt\u00a0 Eesti ja Hispaania kurgil? Miks eelistada kohalikku toorainet? \u2013 eesm\u00e4rki toetavad \u00f5ppereisid nii C. R. Jakobsoni Talumuuseumi kui Ranna rant\u0161osse.<\/p>\n<p>2. Kommi asemel &#8211;\u00a0 valmistame koos lastega smuutisid ja tervislikke kuivatatud (soetame kuivati) ampse puu-, juur- ja k\u00f6\u00f6giviljadest (nt kuivatatud porgandilaastud). Smuutide tarbimise kaudu \u00a0on v\u00f5imalik lastele pakkuda\u00a0 ja tutvustada puu-, juur- ja k\u00f6\u00f6givilju, mida nad \u00fcksikuna \u00fcldiselt ei armasta.<\/p>\n<p>Projekti kaudu soetasime lasteaiale blenderi ja k\u00f6\u00f6gi-ja puuvilja kuivati.<\/p>\n<p><img decoding=\"async\" src=\"http:\/\/publications.europa.eu\/code\/images\/scan\/5000100-flag.jpg\" alt=\"Euroopa lipp \u00e2\u0080\u0094 12 ringikujuliselt asetsevat t\u00c3\u00a4hte s\u00c3\u00bcmboliseerivad Euroopa rahvaste vahelist \u00c3\u00bchtsust, solidaarsust ja harmooniat.\" \/>Projekti toetas Euroopa Liit<\/p>\n<h4><strong>2017\/18 aastal osalesid lapsed projektis:<\/strong><\/h4>\n<h4><strong>Salatite propageerimine ja maaelu<\/strong><\/h4>\n<p>30. mail toimus\u00a0 Maria talus perep\u00e4ev, kus lapsed said tutvuda talu tegemistega, lisaks toimus lastele koolitus &#8220;Teeme ise salatit&#8221;.<\/p>\n<p>Tegevuse eesm\u00e4rgiks oli lastele tutvustada maaelu ning propageerida salatite valmistamist ja s\u00f6\u00f6mist.<\/p>\n<p>Projekti toel soetasime lasteaiale salatil\u00f5ikuri.<\/p>\n<p><img decoding=\"async\" src=\"http:\/\/publications.europa.eu\/code\/images\/scan\/5000100-flag.jpg\" alt=\"Euroopa lipp \u2014 12 ringikujuliselt asetsevat t\u00e4hte s\u00fcmboliseerivad Euroopa rahvaste vahelist \u00fchtsust, solidaarsust ja harmooniat.\" \/>Projekti toetas Euroopa Liit<\/p>\n<h4>\u00a0<strong>2018\/19 aastal osalesid lapsed projektis:<\/strong><\/h4>\n<h4><strong>Puhas r\u00f5\u00f5m Eestimaast<\/strong><\/h4>\n<p>3. juunil toimus Teispere talus Perep\u00e4ev, kus tutvustati lastele talus elavaid loomi ja taimekasvatust. Lastele n\u00e4idatati erinavate lindude mune, lamba p\u00fcgamist ja villa t\u00f6\u00f6tlemist. Samuti puu-, k\u00f6\u00f6gi- ja aedviljakasvatust. Lisaks said lapsed tutvuda talutehnikaga. Perep\u00e4evale eelnes v\u00e4ljas\u00f5it alpakafarmi, kus r\u00e4\u00e4giti loomakasvatusest ja n\u00e4idati, kuidas saab villast l\u00f5nga ning viidi l\u00e4bi puu &#8211; ja k\u00f6\u00f6giviljade degusteerimine. Lisaks k\u00fclastati samas piirkonnas asuvat k\u00f5rsikuvabrikut, kus tutvustati lastele k\u00f5rsikute tootmise protsessi ja lastele pakutati soojasid k\u00f5rsikuid. Lisaks soetati soetada lasteaiale juurde blender.<\/p>\n<p><img decoding=\"async\" src=\"http:\/\/publications.europa.eu\/code\/images\/scan\/5000100-flag.jpg\" alt=\"Euroopa lipp \u00e2\u0080\u0094 12 ringikujuliselt asetsevat t\u00c3\u00a4hte s\u00c3\u00bcmboliseerivad Euroopa rahvaste vahelist \u00c3\u00bchtsust, solidaarsust ja harmooniat.\" \/>Projekti toetas Euroopa Liit<\/p>\n<h4><strong>2020 aasta<\/strong><\/h4>\n<p>Lapsed osalesid 4. septembril K\u00fcti Uuetoa talus \u00f5ppek\u00e4igul \u201eLinnufarmi\u201d kollektsiooniaias ja linnuteemalises\u00a0 \u00f5pitoas. Tutvuti kollektsiooniaiaga, kus on v\u00e4ljas umbes 100 erinevat linnuperet.\u00a0 Talul on kollektsiooniaias: paabulinnud,faasanid,kalkunid,haned,pardid,kanad,kuked,tibud,vutid. Saadi teada, kes on k\u00f5ige v\u00e4iksem lind ja k\u00f5ige suurem. Vaadeldi ja v\u00f5rreldi erinevate lindude mune. \u00d5pitoas meisterdasid lapsed endale tibu. Proovida sai ka talutoodangut.<\/p>\n<p>9. septembril k\u00fclastasime lastega M\u00e4tiku talumeiereid. Lastele korraldati ekskursioon talus, tutvustati gotlandi lambaid, munakanu, l\u00fcpsilehmi, v\u00e4ikest talumeiereid, talutehnikat,\u00a0 samuti toimus mahepiimatoodete degusteerimine.<\/p>\n<p>Lisaks toimud puu &#8211; ja k\u00f6\u00f6giviljade degusteerimine.<\/p>\n<p><img decoding=\"async\" src=\"http:\/\/publications.europa.eu\/code\/images\/scan\/5000100-flag.jpg\" alt=\"Euroopa lipp \u00e2\u0080\u0094 12 ringikujuliselt asetsevat t\u00c3\u00a4hte s\u00c3\u00bcmboliseerivad Euroopa rahvaste vahelist \u00c3\u00bchtsust, solidaarsust ja harmooniat.\" \/>Projekti toetas Euroopa Liit<\/p>\n<h4><strong>2021 aasta &#8211; \u00f5ppek\u00e4ik Maria tallu, puu- ja k\u00f6\u00f6giviljade degusteerimine<\/strong><\/h4>\n<p>3. juunil korraldasime \u00f5ppep\u00e4eva Maria talus, kus lapsed said ettekujutuse hobusetalli, lamba- ja kitselauda ning pardi\/kanala t\u00f6\u00f6st. K\u00f5ik soovijad said katsuda loomi, tutvuda hobuse hooldamisega ja anda neile s\u00f6\u00f6ki. V\u00f5imalus oli ronida poni selga ja s\u00f5ita, n\u00e4ha hobuse rakendamist vankri ette ja seej\u00e4rel vankriga s\u00f5ita. Tutvustati traktorit, lastel oli v\u00f5imalus masina kabiini sisse minna ning m\u00e4ngult juhtida. Lastele pakuti kohalikust toorainest valmistatud toitu. Lisaks toimus puu- ja k\u00f6\u00f6giviljade degusteerimine.<\/p>\n<p><img decoding=\"async\" src=\"http:\/\/publications.europa.eu\/code\/images\/scan\/5000100-flag.jpg\" alt=\"Euroopa lipp \u00e2\u0080\u0094 12 ringikujuliselt asetsevat t\u00c3\u00a4hte s\u00c3\u00bcmboliseerivad Euroopa rahvaste vahelist \u00c3\u00bchtsust, solidaarsust ja harmooniat.\" \/>Projekti toetas Euroopa Liit<\/p>\n<h4>2022 aasta &#8211; \u00f5ppek\u00e4ik Teispere tallu\u00a0 ja j\u00e4\u00e4tise valmistamise t\u00f6\u00f6tuba<\/h4>\n<p>27. mail toimus \u00f5ppek\u00e4ik Teispere tallu. Lastele tutvustati erinevaid l<span style=\"font-size: revert;\">oomi ja linde &#8211; pesukaru, Kihnu maalambaid, k\u00fc\u00fclikuid ja erinevaid linnuliiki. R\u00e4\u00e4giti, mida\u00a0 loomad ja linnud s\u00f6\u00f6vad. V\u00f5imalus oli vaadata erinevate lindude mune &#8211; <\/span>kana, hani, part, tuvi, faasan.\u00a0 Toimus \u00f5ppek\u00e4ik talu territooriumil, kus on olemas saar, m\u00e4girada, metsarada, keldrim\u00e4gi, j\u00f5gi,\u00a0 arteesiakaev. Talu on olemas p\u00f5llupidamine oma pere tarbeks, kasvatatakse kartulit, porgandit, peeti, maitserohelist jm. Vaadata sai ka talutehnikat &#8211; traktorit ja erinevaid haakeriistu, lumesahka, \u00fcmberehitatud Nivat, murutraktor lisaks veel peremehe enda ehitatud tehnikat. Lastel oli v\u00f5imalus meisterdada, kasutati kohalikku ja taaskasutusmaterjali &#8211; linnusulgi, kangast, nahka, puitu jne. L\u00f5unas\u00f6\u00f6giks oli talu toorainest supp ja kook, vesi ja taimetee.<\/p>\n<p>18. mail toimus lasteaias j\u00e4\u00e4tise valmistamise t\u00f6\u00f6tuba. Lastel oli v\u00f5imalus osaleda j\u00e4\u00e4tise valmistamise protsessis ja p\u00e4rast ka omatehtud j\u00e4\u00e4tist s\u00fc\u00fca.\u00a0 T\u00f6\u00f6tuba viis l\u00e4bi Sugar Magic O\u00dc.<\/p>\n<p><img decoding=\"async\" src=\"http:\/\/publications.europa.eu\/code\/images\/scan\/5000100-flag.jpg\" alt=\"Euroopa lipp \u00e2\u0080\u0094 12 ringikujuliselt asetsevat t\u00c3\u00a4hte s\u00c3\u00bcmboliseerivad Euroopa rahvaste vahelist \u00c3\u00bchtsust, solidaarsust ja harmooniat.\" \/>Projekti toetas Euroopa Liit<\/p>\n<h4>2023 aasta &#8211; \u00f5ppek\u00e4ik &#8220;Tere, tore Tori&#8221;<\/h4>\n<p>30. mail k\u00fclastasime Toris asuvat Eesti Maaelumuuseumit, kus lapsed said teadmisi p\u00f5llumajanduse ajaloo kohta. Programmis k\u00fclastasime n\u00e4itust, tutvusime rahvap\u00e4rimuse olemusega ning arutlesime, kuidas s\u00fcnnivad lood ja legendid. L\u00e4hemalt tutvusime Tori p\u00f5nevate ja m\u00fcstiliste legendidega. Lisaks vaatasime hobuseid ja m\u00e4ngisime erinevaid m\u00e4nge.<\/p>\n<p><img decoding=\"async\" src=\"http:\/\/publications.europa.eu\/code\/images\/scan\/5000100-flag.jpg\" alt=\"Euroopa lipp \u00e2\u0080\u0094 12 ringikujuliselt asetsevat t\u00c3\u00a4hte s\u00c3\u00bcmboliseerivad Euroopa rahvaste vahelist \u00c3\u00bchtsust, solidaarsust ja harmooniat.\" \/>Projekti toetas Euroopa Liit<\/p>\n<h1>Igal lapsel oma pill<\/h1>\n<p><img decoding=\"async\" src=\"http:\/\/www.lasteaedpaikene.ee\/files\/filemanager\/images\/logo_igal_lapsel_oma_pill.jpg\" alt=\"Pildiotsingu igal lapsel oma pill 2018 logo tulemus\" \/><\/p>\n<h4>2016\/17\u00a0 \u00f5ppeaastal soetas lasteaed projekti &#8220;Igal lapsel oma pill&#8221; toetusel 4 v\u00e4ikekannelt.<\/h4>\n<h4>2017\/18 \u00f5ppeaastal soetas lasteaed projekti &#8220;Igal lapsel oma pill&#8221; toetusel:\u00a0k\u00e4sikellade komplekt, k\u00f5laplaatide komplekt, r\u00fctmipillide komplekt,\u00a0 sopranks\u00fclofon.<\/h4>\n<h1>\u00a0ProgeTiigri programm haridusasutustele 2019<\/h1>\n<h4>Digivahendite kasutamine \u00f5ppet\u00f6\u00f6s muudab \u00f5ppimise ja \u00f5petamise paindlikumaks ning isikukesksemaks, aidates suurendada \u00f5pihuvi ja kujundada elukestvaks \u00f5ppeks vajalikke oskusi.<\/h4>\n<h4>Soetasime HITSA rahastusel lasteaiale 4 Matatalab komplekti.<\/h4>\n<h1><img decoding=\"async\" src=\"https:\/\/www.hitsa.ee\/images\/hitsa-logo-est.png\" alt=\"Hariduse Tehnoloogia Sihtasutus\" \/><\/h1>\n<p><img decoding=\"async\" src=\"http:\/\/www.progetiiger.ee\/img\/pt-logo-kolmnurkne-taust.png\" alt=\"\" \/><\/p>\n","protected":false},"excerpt":{"rendered":"<p>SA Keskkonnainvesteeringute Keskuse\u00a0 (KIK) rahastatud projektid Keskkonnateadlikkuse programmi\u00a0kaudu: T\u00f5stamaa lasteaia lapsed osalesid 2016\/17. \u00f5ppeaastal j\u00e4rgmistes \u00f5ppek\u00e4ikudes: 1. \u00d5ppek\u00e4ik &#8220;Eesti metsloomad&#8221; Pernova Hariduskeskuses. \u00d5ppek\u00e4ik tutvustas lastele Eestis elavaid metsloomi. Eesm\u00e4rk: 1. tutvub l\u00e4bi m\u00e4ngu Eestis elavate metsloomade ja nende elutegevusega; 2. oskab seostada metsloomah\u00e4\u00e4litsusi looma endaga; 3. v\u00f5rdleb Eestis elavate metsloomade suurusi ja teab, kes on [&hellip;]<\/p>\n","protected":false},"author":1,"featured_media":0,"parent":65,"menu_order":0,"comment_status":"closed","ping_status":"open","template":"","meta":{"footnotes":""},"class_list":["post-657","page","type-page","status-publish","hentry"],"_links":{"self":[{"href":"http:\/\/lasteaed.tostamaa.ee\/index.php?rest_route=\/wp\/v2\/pages\/657","targetHints":{"allow":["GET"]}}],"collection":[{"href":"http:\/\/lasteaed.tostamaa.ee\/index.php?rest_route=\/wp\/v2\/pages"}],"about":[{"href":"http:\/\/lasteaed.tostamaa.ee\/index.php?rest_route=\/wp\/v2\/types\/page"}],"author":[{"embeddable":true,"href":"http:\/\/lasteaed.tostamaa.ee\/index.php?rest_route=\/wp\/v2\/users\/1"}],"replies":[{"embeddable":true,"href":"http:\/\/lasteaed.tostamaa.ee\/index.php?rest_route=%2Fwp%2Fv2%2Fcomments&post=657"}],"version-history":[{"count":5,"href":"http:\/\/lasteaed.tostamaa.ee\/index.php?rest_route=\/wp\/v2\/pages\/657\/revisions"}],"predecessor-version":[{"id":1115,"href":"http:\/\/lasteaed.tostamaa.ee\/index.php?rest_route=\/wp\/v2\/pages\/657\/revisions\/1115"}],"up":[{"embeddable":true,"href":"http:\/\/lasteaed.tostamaa.ee\/index.php?rest_route=\/wp\/v2\/pages\/65"}],"wp:attachment":[{"href":"http:\/\/lasteaed.tostamaa.ee\/index.php?rest_route=%2Fwp%2Fv2%2Fmedia&parent=657"}],"curies":[{"name":"wp","href":"https:\/\/api.w.org\/{rel}","templated":true}]}}